{"version":"1.0","provider_name":"Soriano Advocats","provider_url":"https:\/\/sorianoadvocats.com\/ca\/","author_name":"Enric Soriano Ort\u00edn","author_url":"https:\/\/sorianoadvocats.com\/ca\/author\/wp_soriano\/","title":"Aplicant l'Enfocament Sist\u00e8mic als Col\u00b7legis d'Advocats: estrat\u00e8gies per a una gesti\u00f3 integral i col\u00b7laborativa - Soriano Advocats","type":"rich","width":600,"height":338,"html":"<blockquote class=\"wp-embedded-content\" data-secret=\"pX9qOs7lJ4\"><a href=\"https:\/\/sorianoadvocats.com\/ca\/aplicant-lenfocament-sistemic\/\">Aplicant l&#8217;Enfocament Sist\u00e8mic als Col\u00b7legis d&#8217;Advocats: estrat\u00e8gies per a una gesti\u00f3 integral i col\u00b7laborativa<\/a><\/blockquote><iframe sandbox=\"allow-scripts\" security=\"restricted\" src=\"https:\/\/sorianoadvocats.com\/ca\/aplicant-lenfocament-sistemic\/embed\/#?secret=pX9qOs7lJ4\" width=\"600\" height=\"338\" title=\"&#8220;Aplicant l&#8217;Enfocament Sist\u00e8mic als Col\u00b7legis d&#8217;Advocats: estrat\u00e8gies per a una gesti\u00f3 integral i col\u00b7laborativa&#8221; &#8212; Soriano Advocats\" data-secret=\"pX9qOs7lJ4\" frameborder=\"0\" marginwidth=\"0\" marginheight=\"0\" scrolling=\"no\" class=\"wp-embedded-content\"><\/iframe><script type=\"text\/javascript\">\n\/* <![CDATA[ *\/\n\/*! This file is auto-generated *\/\n!function(d,l){\"use strict\";l.querySelector&&d.addEventListener&&\"undefined\"!=typeof URL&&(d.wp=d.wp||{},d.wp.receiveEmbedMessage||(d.wp.receiveEmbedMessage=function(e){var t=e.data;if((t||t.secret||t.message||t.value)&&!\/[^a-zA-Z0-9]\/.test(t.secret)){for(var s,r,n,a=l.querySelectorAll('iframe[data-secret=\"'+t.secret+'\"]'),o=l.querySelectorAll('blockquote[data-secret=\"'+t.secret+'\"]'),c=new RegExp(\"^https?:$\",\"i\"),i=0;i<o.length;i++)o[i].style.display=\"none\";for(i=0;i<a.length;i++)s=a[i],e.source===s.contentWindow&&(s.removeAttribute(\"style\"),\"height\"===t.message?(1e3<(r=parseInt(t.value,10))?r=1e3:~~r<200&&(r=200),s.height=r):\"link\"===t.message&&(r=new URL(s.getAttribute(\"src\")),n=new URL(t.value),c.test(n.protocol))&&n.host===r.host&&l.activeElement===s&&(d.top.location.href=t.value))}},d.addEventListener(\"message\",d.wp.receiveEmbedMessage,!1),l.addEventListener(\"DOMContentLoaded\",function(){for(var e,t,s=l.querySelectorAll(\"iframe.wp-embedded-content\"),r=0;r<s.length;r++)(t=(e=s[r]).getAttribute(\"data-secret\"))||(t=Math.random().toString(36).substring(2,12),e.src+=\"#?secret=\"+t,e.setAttribute(\"data-secret\",t)),e.contentWindow.postMessage({message:\"ready\",secret:t},\"*\")},!1)))}(window,document);\n\/\/# sourceURL=https:\/\/sorianoadvocats.com\/wp-includes\/js\/wp-embed.min.js\n\/* ]]> *\/\n<\/script>\n","thumbnail_url":"https:\/\/sorianoadvocats.com\/wp-content\/uploads\/derecho-sistemico-3.jpg","thumbnail_width":711,"thumbnail_height":399,"description":"Els Col\u00b7legis d\u2019Advocats no nom\u00e9s s\u00f3n institucions de regulaci\u00f3 professional, sin\u00f3 tamb\u00e9 espais de trobada, col\u00b7laboraci\u00f3 i creixement per al desenvolupament de la professi\u00f3. En ells convergeixen interessos individuals, objectius col\u00b7lectius i responsabilitats cap a la societat. D\u2019aqu\u00ed la conveni\u00e8ncia d\u2019aplicar un enfocament sist\u00e8mic en aquestes corporacions, amb la finalitat de gestionar efica\u00e7ment aquestes complexes [&hellip;]"}